{"id":715,"date":"2023-07-12T14:46:54","date_gmt":"2023-07-12T12:46:54","guid":{"rendered":"https:\/\/frerichs-fotoart.de\/?page_id=715"},"modified":"2025-01-11T14:56:46","modified_gmt":"2025-01-11T13:56:46","slug":"faq","status":"publish","type":"page","link":"https:\/\/frerichs-fotoart.de\/index.php\/faq\/","title":{"rendered":"FAQ"},"content":{"rendered":"\n<h1 class=\"wp-block-heading\">FAQ &#8211; H\u00e4ufig gestellte Fragen<\/h1>\n\n\n<div\n\t\t\t\n\t\t\tclass=\"so-widget-sow-accordion so-widget-sow-accordion-default-0cbe2f692174\"\n\t\t\t\n\t\t><div>\n\t<div class=\"sow-accordion\">\n\t\t\t<div class=\"sow-accordion-panel\n\t\t\t\t\t\"\n\t\t\t\tdata-anchor-id=\"sind-bei-den-fotoboxen-accessoires-mit-dabei\">\n\t\t\t\t\t<div class=\"sow-accordion-panel-header-container\" role=\"heading\" aria-level=\"2\">\n\t\t\t\t\t<div class=\"sow-accordion-panel-header\" tabindex=\"0\" role=\"button\" id=\"accordion-label-sind-bei-den-fotoboxen-accessoires-mit-dabei\" aria-controls=\"accordion-content-sind-bei-den-fotoboxen-accessoires-mit-dabei\" aria-expanded=\"false\">\n\t\t\t\t\t\t<div class=\"sow-accordion-title sow-accordion-title-icon-left\">\n\t\t\t\t\t\t\t\t\t\t\t\t\t\tSind bei den Fotoboxen Accessoires mit dabei?\t\t\t\t\t\t\t\t\t\t\t\t\t<\/div>\n\t\t\t\t\t\t<div class=\"sow-accordion-open-close-button\">\n\t\t\t\t\t\t\t<div class=\"sow-accordion-open-button\">\n\t\t\t\t\t\t\t\t<span class=\"sow-icon-ionicons\" data-sow-icon=\"&#xf218;\"\n\t\t \n\t\taria-hidden=\"true\"><\/span>\t\t\t\t\t\t\t<\/div>\n\t\t\t\t\t\t\t<div class=\"sow-accordion-close-button\">\n\t\t\t\t\t\t\t\t<span class=\"sow-icon-ionicons\" data-sow-icon=\"&#xf209;\"\n\t\t \n\t\taria-hidden=\"true\"><\/span>\t\t\t\t\t\t\t<\/div>\n\t\t\t\t\t\t<\/div>\n\t\t\t\t\t<\/div>\n\t\t\t\t<\/div>\n\n\t\t\t<div\n\t\t\t\tclass=\"sow-accordion-panel-content\"\n\t\t\t\trole=\"region\"\n\t\t\t\taria-labelledby=\"accordion-label-sind-bei-den-fotoboxen-accessoires-mit-dabei\"\n\t\t\t\tid=\"accordion-content-sind-bei-den-fotoboxen-accessoires-mit-dabei\"\n\t\t\t\tstyle=\"display: none;\"\t\t\t>\n\t\t\t\t<div class=\"sow-accordion-panel-border\">\n\t\t\t\t\t<p>Ja, bei allen Fotoboxversionen ist eine Auswahl von Accessoires mit dabei. Diese variieren in der Anzahl und Auswahl. Es ist deshalb schwer zu sagen was bei jeder Box genau dabei ist. Sicher ist, dass die Version &#8222;small Budget&#8220; nur ein paar sogenannte party props (das sind die Pappsachen an den Holzstielen) mit dabei hat.<\/p>\n<p>Bei den anderen Versionen <strong>k\u00f6nnen<\/strong> Per\u00fccken, H\u00fcte, Brillen party props und aufblasbare Gegenst\u00e4nde mit dabei sein.<\/p>\n\t\t\t\t<\/div>\n\t\t\t<\/div>\n\t\t<\/div>\n\t\t\t<div class=\"sow-accordion-panel\n\t\t\t\t\t\"\n\t\t\t\tdata-anchor-id=\"kostet-es-mehr-wenn-ich-die-fotobox-einen-tag-vorher-abhole\">\n\t\t\t\t\t<div class=\"sow-accordion-panel-header-container\" role=\"heading\" aria-level=\"2\">\n\t\t\t\t\t<div class=\"sow-accordion-panel-header\" tabindex=\"0\" role=\"button\" id=\"accordion-label-kostet-es-mehr-wenn-ich-die-fotobox-einen-tag-vorher-abhole\" aria-controls=\"accordion-content-kostet-es-mehr-wenn-ich-die-fotobox-einen-tag-vorher-abhole\" aria-expanded=\"false\">\n\t\t\t\t\t\t<div class=\"sow-accordion-title sow-accordion-title-icon-left\">\n\t\t\t\t\t\t\t\t\t\t\t\t\t\tKostet es mehr, wenn ich die Fotobox einen Tag vorher abhole?\t\t\t\t\t\t\t\t\t\t\t\t\t<\/div>\n\t\t\t\t\t\t<div class=\"sow-accordion-open-close-button\">\n\t\t\t\t\t\t\t<div class=\"sow-accordion-open-button\">\n\t\t\t\t\t\t\t\t<span class=\"sow-icon-ionicons\" data-sow-icon=\"&#xf218;\"\n\t\t \n\t\taria-hidden=\"true\"><\/span>\t\t\t\t\t\t\t<\/div>\n\t\t\t\t\t\t\t<div class=\"sow-accordion-close-button\">\n\t\t\t\t\t\t\t\t<span class=\"sow-icon-ionicons\" data-sow-icon=\"&#xf209;\"\n\t\t \n\t\taria-hidden=\"true\"><\/span>\t\t\t\t\t\t\t<\/div>\n\t\t\t\t\t\t<\/div>\n\t\t\t\t\t<\/div>\n\t\t\t\t<\/div>\n\n\t\t\t<div\n\t\t\t\tclass=\"sow-accordion-panel-content\"\n\t\t\t\trole=\"region\"\n\t\t\t\taria-labelledby=\"accordion-label-kostet-es-mehr-wenn-ich-die-fotobox-einen-tag-vorher-abhole\"\n\t\t\t\tid=\"accordion-content-kostet-es-mehr-wenn-ich-die-fotobox-einen-tag-vorher-abhole\"\n\t\t\t\tstyle=\"display: none;\"\t\t\t>\n\t\t\t\t<div class=\"sow-accordion-panel-border\">\n\t\t\t\t\t<p>Sie bezahlen pro Veranstaltung. Wenn es organisatorisch n\u00f6tig ist, die Fotobox einen Tag vor der Veranstaltung abzuholen, dann zahlen Sie keinen Aufpreis. Wenn Sie jedoch die Fotobox an zwei Veranstaltungen einsetzen wollen und sie deswegen einen Tag fr\u00fcher ben\u00f6tigen, so zahlen Sie einen Aufpreis.<\/p>\n\t\t\t\t<\/div>\n\t\t\t<\/div>\n\t\t<\/div>\n\t\t\t<div class=\"sow-accordion-panel\n\t\t\t\t\t\"\n\t\t\t\tdata-anchor-id=\"was-ist-in-dem-preis-alles-enthalten\">\n\t\t\t\t\t<div class=\"sow-accordion-panel-header-container\" role=\"heading\" aria-level=\"2\">\n\t\t\t\t\t<div class=\"sow-accordion-panel-header\" tabindex=\"0\" role=\"button\" id=\"accordion-label-was-ist-in-dem-preis-alles-enthalten\" aria-controls=\"accordion-content-was-ist-in-dem-preis-alles-enthalten\" aria-expanded=\"false\">\n\t\t\t\t\t\t<div class=\"sow-accordion-title sow-accordion-title-icon-left\">\n\t\t\t\t\t\t\t\t\t\t\t\t\t\tWas ist in dem Preis alles enthalten?\t\t\t\t\t\t\t\t\t\t\t\t\t<\/div>\n\t\t\t\t\t\t<div class=\"sow-accordion-open-close-button\">\n\t\t\t\t\t\t\t<div class=\"sow-accordion-open-button\">\n\t\t\t\t\t\t\t\t<span class=\"sow-icon-ionicons\" data-sow-icon=\"&#xf218;\"\n\t\t \n\t\taria-hidden=\"true\"><\/span>\t\t\t\t\t\t\t<\/div>\n\t\t\t\t\t\t\t<div class=\"sow-accordion-close-button\">\n\t\t\t\t\t\t\t\t<span class=\"sow-icon-ionicons\" data-sow-icon=\"&#xf209;\"\n\t\t \n\t\taria-hidden=\"true\"><\/span>\t\t\t\t\t\t\t<\/div>\n\t\t\t\t\t\t<\/div>\n\t\t\t\t\t<\/div>\n\t\t\t\t<\/div>\n\n\t\t\t<div\n\t\t\t\tclass=\"sow-accordion-panel-content\"\n\t\t\t\trole=\"region\"\n\t\t\t\taria-labelledby=\"accordion-label-was-ist-in-dem-preis-alles-enthalten\"\n\t\t\t\tid=\"accordion-content-was-ist-in-dem-preis-alles-enthalten\"\n\t\t\t\tstyle=\"display: none;\"\t\t\t>\n\t\t\t\t<div class=\"sow-accordion-panel-border\">\n\t\t\t\t\t<p>In dem Preis, der auf meiner Internetseite ausgegeben ist, ist enthalten:<\/p>\n<ul>\n<li>die Nutzung der Fotobox<\/li>\n<li>so viele digitale Fotos wie der Speicher fasst (mehr wie 500 St\u00fcck)<\/li>\n<li>Box mit Accessoires<\/li>\n<li>eine Einweisung<\/li>\n<\/ul>\n<p>Weitere Leistungen werden zus\u00e4tzlich berechnet, wie zum Beispiel:<\/p>\n<ul>\n<li>Drucker inklusive 100 Ausdrucken (80,00 Euro)<\/li>\n<li>weitere Ausdrucke, die \u00fcber 100 inkludierten hinaus gehen (50,00 Euro pro angefangene 100)<\/li>\n<li>Lieferung und Aufbau der Fotobox (20,00 Euro zuz\u00fcglich 0,50 Euro pro gefahrenem Kilometer)<\/li>\n<li>Hintergrund (20,00 Euro)<\/li>\n<li>Onlinegalerie f\u00fcr einen Monat (10,00 Euro)<\/li>\n<\/ul>\n\t\t\t\t<\/div>\n\t\t\t<\/div>\n\t\t<\/div>\n\t\t\t<div class=\"sow-accordion-panel\n\t\t\t\t\t\"\n\t\t\t\tdata-anchor-id=\"sieht-man-das-foto-nachdam-man-es-gemacht-hat\">\n\t\t\t\t\t<div class=\"sow-accordion-panel-header-container\" role=\"heading\" aria-level=\"2\">\n\t\t\t\t\t<div class=\"sow-accordion-panel-header\" tabindex=\"0\" role=\"button\" id=\"accordion-label-sieht-man-das-foto-nachdam-man-es-gemacht-hat\" aria-controls=\"accordion-content-sieht-man-das-foto-nachdam-man-es-gemacht-hat\" aria-expanded=\"false\">\n\t\t\t\t\t\t<div class=\"sow-accordion-title sow-accordion-title-icon-left\">\n\t\t\t\t\t\t\t\t\t\t\t\t\t\tSieht man das Foto nachdam man es gemacht hat?\t\t\t\t\t\t\t\t\t\t\t\t\t<\/div>\n\t\t\t\t\t\t<div class=\"sow-accordion-open-close-button\">\n\t\t\t\t\t\t\t<div class=\"sow-accordion-open-button\">\n\t\t\t\t\t\t\t\t<span class=\"sow-icon-ionicons\" data-sow-icon=\"&#xf218;\"\n\t\t \n\t\taria-hidden=\"true\"><\/span>\t\t\t\t\t\t\t<\/div>\n\t\t\t\t\t\t\t<div class=\"sow-accordion-close-button\">\n\t\t\t\t\t\t\t\t<span class=\"sow-icon-ionicons\" data-sow-icon=\"&#xf209;\"\n\t\t \n\t\taria-hidden=\"true\"><\/span>\t\t\t\t\t\t\t<\/div>\n\t\t\t\t\t\t<\/div>\n\t\t\t\t\t<\/div>\n\t\t\t\t<\/div>\n\n\t\t\t<div\n\t\t\t\tclass=\"sow-accordion-panel-content\"\n\t\t\t\trole=\"region\"\n\t\t\t\taria-labelledby=\"accordion-label-sieht-man-das-foto-nachdam-man-es-gemacht-hat\"\n\t\t\t\tid=\"accordion-content-sieht-man-das-foto-nachdam-man-es-gemacht-hat\"\n\t\t\t\tstyle=\"display: none;\"\t\t\t>\n\t\t\t\t<div class=\"sow-accordion-panel-border\">\n\t\t\t\t\t<p>Ja, alle Versionen zeigen das geschossene Foto. Die Anzeigedauer variiert jedoch zwischen den Versionen.<\/p>\n\t\t\t\t<\/div>\n\t\t\t<\/div>\n\t\t<\/div>\n\t\t\t<div class=\"sow-accordion-panel\n\t\t\t\t\t\"\n\t\t\t\tdata-anchor-id=\"kann-ich-mich-sehen-bevor-ein-foto-gemacht-wird\">\n\t\t\t\t\t<div class=\"sow-accordion-panel-header-container\" role=\"heading\" aria-level=\"2\">\n\t\t\t\t\t<div class=\"sow-accordion-panel-header\" tabindex=\"0\" role=\"button\" id=\"accordion-label-kann-ich-mich-sehen-bevor-ein-foto-gemacht-wird\" aria-controls=\"accordion-content-kann-ich-mich-sehen-bevor-ein-foto-gemacht-wird\" aria-expanded=\"false\">\n\t\t\t\t\t\t<div class=\"sow-accordion-title sow-accordion-title-icon-left\">\n\t\t\t\t\t\t\t\t\t\t\t\t\t\tKann ich mich sehen, bevor ein Foto gemacht wird?\t\t\t\t\t\t\t\t\t\t\t\t\t<\/div>\n\t\t\t\t\t\t<div class=\"sow-accordion-open-close-button\">\n\t\t\t\t\t\t\t<div class=\"sow-accordion-open-button\">\n\t\t\t\t\t\t\t\t<span class=\"sow-icon-ionicons\" data-sow-icon=\"&#xf218;\"\n\t\t \n\t\taria-hidden=\"true\"><\/span>\t\t\t\t\t\t\t<\/div>\n\t\t\t\t\t\t\t<div class=\"sow-accordion-close-button\">\n\t\t\t\t\t\t\t\t<span class=\"sow-icon-ionicons\" data-sow-icon=\"&#xf209;\"\n\t\t \n\t\taria-hidden=\"true\"><\/span>\t\t\t\t\t\t\t<\/div>\n\t\t\t\t\t\t<\/div>\n\t\t\t\t\t<\/div>\n\t\t\t\t<\/div>\n\n\t\t\t<div\n\t\t\t\tclass=\"sow-accordion-panel-content\"\n\t\t\t\trole=\"region\"\n\t\t\t\taria-labelledby=\"accordion-label-kann-ich-mich-sehen-bevor-ein-foto-gemacht-wird\"\n\t\t\t\tid=\"accordion-content-kann-ich-mich-sehen-bevor-ein-foto-gemacht-wird\"\n\t\t\t\tstyle=\"display: none;\"\t\t\t>\n\t\t\t\t<div class=\"sow-accordion-panel-border\">\n\t\t\t\t\t<p>Ja, Sie k\u00f6nnen sich auf dem Bildschirm sehen bevor das Foto gemacht wird. So k\u00f6nnen Sie sich so positionieren, wie Sie sich es w\u00fcschen.<\/p>\n\t\t\t\t<\/div>\n\t\t\t<\/div>\n\t\t<\/div>\n\t\t\t<div class=\"sow-accordion-panel\n\t\t\t\t\t\"\n\t\t\t\tdata-anchor-id=\"wozu-werden-meine-ganzen-daten-benoetigt\">\n\t\t\t\t\t<div class=\"sow-accordion-panel-header-container\" role=\"heading\" aria-level=\"2\">\n\t\t\t\t\t<div class=\"sow-accordion-panel-header\" tabindex=\"0\" role=\"button\" id=\"accordion-label-wozu-werden-meine-ganzen-daten-ben%c3%b6tigt\" aria-controls=\"accordion-content-wozu-werden-meine-ganzen-daten-ben%c3%b6tigt\" aria-expanded=\"false\">\n\t\t\t\t\t\t<div class=\"sow-accordion-title sow-accordion-title-icon-left\">\n\t\t\t\t\t\t\t\t\t\t\t\t\t\tWozu werden meine ganzen Daten ben\u00f6tigt?\t\t\t\t\t\t\t\t\t\t\t\t\t<\/div>\n\t\t\t\t\t\t<div class=\"sow-accordion-open-close-button\">\n\t\t\t\t\t\t\t<div class=\"sow-accordion-open-button\">\n\t\t\t\t\t\t\t\t<span class=\"sow-icon-ionicons\" data-sow-icon=\"&#xf218;\"\n\t\t \n\t\taria-hidden=\"true\"><\/span>\t\t\t\t\t\t\t<\/div>\n\t\t\t\t\t\t\t<div class=\"sow-accordion-close-button\">\n\t\t\t\t\t\t\t\t<span class=\"sow-icon-ionicons\" data-sow-icon=\"&#xf209;\"\n\t\t \n\t\taria-hidden=\"true\"><\/span>\t\t\t\t\t\t\t<\/div>\n\t\t\t\t\t\t<\/div>\n\t\t\t\t\t<\/div>\n\t\t\t\t<\/div>\n\n\t\t\t<div\n\t\t\t\tclass=\"sow-accordion-panel-content\"\n\t\t\t\trole=\"region\"\n\t\t\t\taria-labelledby=\"accordion-label-wozu-werden-meine-ganzen-daten-ben%c3%b6tigt\"\n\t\t\t\tid=\"accordion-content-wozu-werden-meine-ganzen-daten-ben%c3%b6tigt\"\n\t\t\t\tstyle=\"display: none;\"\t\t\t>\n\t\t\t\t<div class=\"sow-accordion-panel-border\">\n\t\t\t\t\t<p>Sie mieten von mir eine qualitativ hochwertige Fotobox mit entsprechend verbauten Komponenten. Aus diesem Grunde erstelle ich f\u00fcr Sie einen Mietvertrag. In diesen trage ich Ihre Daten ein.<br \/>Die Emailadresse ben\u00f6tige ich, um Ihnen den Vertrag im Vorfeld zuschicken zu k\u00f6nnen, damit Sie genug Zeit haben um sich diesen Vertrag durchlesen zu k\u00f6nnen. Desweiteren finden Sie in dem Vertrag die Ortsangabe, wo Sie die Fotobox abholen k\u00f6nnen.<br \/>Die Telefonnummer h\u00e4tte ich gerne, falls sich kurzfristig etwas ergibt, was zu St\u00f6rungen f\u00fchren k\u00f6nnte.<\/p>\n\t\t\t\t<\/div>\n\t\t\t<\/div>\n\t\t<\/div>\n\t\t\t<div class=\"sow-accordion-panel\n\t\t\t\t\t\"\n\t\t\t\tdata-anchor-id=\"ist-es-moeglich-eigene-hardware-zum-beispiel-drucker-an-die-fotobox-anzuschliessen\">\n\t\t\t\t\t<div class=\"sow-accordion-panel-header-container\" role=\"heading\" aria-level=\"2\">\n\t\t\t\t\t<div class=\"sow-accordion-panel-header\" tabindex=\"0\" role=\"button\" id=\"accordion-label-ist-es-m%c3%b6glich-eigene-hardware-zum-beispiel-drucker-an-die-fotobox-anzuschlie%c3%9fen\" aria-controls=\"accordion-content-ist-es-m%c3%b6glich-eigene-hardware-zum-beispiel-drucker-an-die-fotobox-anzuschlie%c3%9fen\" aria-expanded=\"false\">\n\t\t\t\t\t\t<div class=\"sow-accordion-title sow-accordion-title-icon-left\">\n\t\t\t\t\t\t\t\t\t\t\t\t\t\tIst es m\u00f6glich eigene Hardware (zum Beispiel Drucker) an die Fotobox anzuschlie\u00dfen?\t\t\t\t\t\t\t\t\t\t\t\t\t<\/div>\n\t\t\t\t\t\t<div class=\"sow-accordion-open-close-button\">\n\t\t\t\t\t\t\t<div class=\"sow-accordion-open-button\">\n\t\t\t\t\t\t\t\t<span class=\"sow-icon-ionicons\" data-sow-icon=\"&#xf218;\"\n\t\t \n\t\taria-hidden=\"true\"><\/span>\t\t\t\t\t\t\t<\/div>\n\t\t\t\t\t\t\t<div class=\"sow-accordion-close-button\">\n\t\t\t\t\t\t\t\t<span class=\"sow-icon-ionicons\" data-sow-icon=\"&#xf209;\"\n\t\t \n\t\taria-hidden=\"true\"><\/span>\t\t\t\t\t\t\t<\/div>\n\t\t\t\t\t\t<\/div>\n\t\t\t\t\t<\/div>\n\t\t\t\t<\/div>\n\n\t\t\t<div\n\t\t\t\tclass=\"sow-accordion-panel-content\"\n\t\t\t\trole=\"region\"\n\t\t\t\taria-labelledby=\"accordion-label-ist-es-m%c3%b6glich-eigene-hardware-zum-beispiel-drucker-an-die-fotobox-anzuschlie%c3%9fen\"\n\t\t\t\tid=\"accordion-content-ist-es-m%c3%b6glich-eigene-hardware-zum-beispiel-drucker-an-die-fotobox-anzuschlie%c3%9fen\"\n\t\t\t\tstyle=\"display: none;\"\t\t\t>\n\t\t\t\t<div class=\"sow-accordion-panel-border\">\n\t\t\t\t\t<p>Nein, das ist nicht vorgesehen.<\/p>\n<p>Bei den Versionen &#8222;small Budget&#8220; und &#8222;gro\u00df&#8220; m\u00fcssen Sie Ihren USB-Stick anschlie\u00dfen. Dieser wird zum Betrieb der Box ben\u00f6tigt.<\/p>\n\t\t\t\t<\/div>\n\t\t\t<\/div>\n\t\t<\/div>\n\t\t\t<div class=\"sow-accordion-panel\n\t\t\t\t\t\"\n\t\t\t\tdata-anchor-id=\"wie-gross-muss-der-usb-stick-sein-auf-den-die-fotos-gespeichert-werden\">\n\t\t\t\t\t<div class=\"sow-accordion-panel-header-container\" role=\"heading\" aria-level=\"2\">\n\t\t\t\t\t<div class=\"sow-accordion-panel-header\" tabindex=\"0\" role=\"button\" id=\"accordion-label-wie-gro%c3%9f-muss-der-usb-stick-sein-auf-den-die-fotos-gespeichert-werden\" aria-controls=\"accordion-content-wie-gro%c3%9f-muss-der-usb-stick-sein-auf-den-die-fotos-gespeichert-werden\" aria-expanded=\"false\">\n\t\t\t\t\t\t<div class=\"sow-accordion-title sow-accordion-title-icon-left\">\n\t\t\t\t\t\t\t\t\t\t\t\t\t\tWie gro\u00df muss der USB-Stick sein, auf den die Fotos gespeichert werden?\t\t\t\t\t\t\t\t\t\t\t\t\t<\/div>\n\t\t\t\t\t\t<div class=\"sow-accordion-open-close-button\">\n\t\t\t\t\t\t\t<div class=\"sow-accordion-open-button\">\n\t\t\t\t\t\t\t\t<span class=\"sow-icon-ionicons\" data-sow-icon=\"&#xf218;\"\n\t\t \n\t\taria-hidden=\"true\"><\/span>\t\t\t\t\t\t\t<\/div>\n\t\t\t\t\t\t\t<div class=\"sow-accordion-close-button\">\n\t\t\t\t\t\t\t\t<span class=\"sow-icon-ionicons\" data-sow-icon=\"&#xf209;\"\n\t\t \n\t\taria-hidden=\"true\"><\/span>\t\t\t\t\t\t\t<\/div>\n\t\t\t\t\t\t<\/div>\n\t\t\t\t\t<\/div>\n\t\t\t\t<\/div>\n\n\t\t\t<div\n\t\t\t\tclass=\"sow-accordion-panel-content\"\n\t\t\t\trole=\"region\"\n\t\t\t\taria-labelledby=\"accordion-label-wie-gro%c3%9f-muss-der-usb-stick-sein-auf-den-die-fotos-gespeichert-werden\"\n\t\t\t\tid=\"accordion-content-wie-gro%c3%9f-muss-der-usb-stick-sein-auf-den-die-fotos-gespeichert-werden\"\n\t\t\t\tstyle=\"display: none;\"\t\t\t>\n\t\t\t\t<div class=\"sow-accordion-panel-border\">\n\t\t\t\t\t<p>Ein handels\u00fcblicher USB-Stick mit 4 GB Speicher reicht vollkommen aus.<\/p>\n<p>Bei den Versionen &#8222;small Budget&#8220; und &#8222;gro\u00df&#8220; wird ein Stick mit dem Dateisystem FAT ben\u00f6tigt.<\/p>\n\t\t\t\t<\/div>\n\t\t\t<\/div>\n\t\t<\/div>\n\t\t\t<div class=\"sow-accordion-panel\n\t\t\t\t\t\"\n\t\t\t\tdata-anchor-id=\"was-muss-ich-beachten-wenn-ich-die-fotobox-abhole\">\n\t\t\t\t\t<div class=\"sow-accordion-panel-header-container\" role=\"heading\" aria-level=\"2\">\n\t\t\t\t\t<div class=\"sow-accordion-panel-header\" tabindex=\"0\" role=\"button\" id=\"accordion-label-was-muss-ich-beachten-wenn-ich-die-fotobox-abhole\" aria-controls=\"accordion-content-was-muss-ich-beachten-wenn-ich-die-fotobox-abhole\" aria-expanded=\"false\">\n\t\t\t\t\t\t<div class=\"sow-accordion-title sow-accordion-title-icon-left\">\n\t\t\t\t\t\t\t\t\t\t\t\t\t\tWas muss ich beachten, wenn ich die Fotobox abhole?\t\t\t\t\t\t\t\t\t\t\t\t\t<\/div>\n\t\t\t\t\t\t<div class=\"sow-accordion-open-close-button\">\n\t\t\t\t\t\t\t<div class=\"sow-accordion-open-button\">\n\t\t\t\t\t\t\t\t<span class=\"sow-icon-ionicons\" data-sow-icon=\"&#xf218;\"\n\t\t \n\t\taria-hidden=\"true\"><\/span>\t\t\t\t\t\t\t<\/div>\n\t\t\t\t\t\t\t<div class=\"sow-accordion-close-button\">\n\t\t\t\t\t\t\t\t<span class=\"sow-icon-ionicons\" data-sow-icon=\"&#xf209;\"\n\t\t \n\t\taria-hidden=\"true\"><\/span>\t\t\t\t\t\t\t<\/div>\n\t\t\t\t\t\t<\/div>\n\t\t\t\t\t<\/div>\n\t\t\t\t<\/div>\n\n\t\t\t<div\n\t\t\t\tclass=\"sow-accordion-panel-content\"\n\t\t\t\trole=\"region\"\n\t\t\t\taria-labelledby=\"accordion-label-was-muss-ich-beachten-wenn-ich-die-fotobox-abhole\"\n\t\t\t\tid=\"accordion-content-was-muss-ich-beachten-wenn-ich-die-fotobox-abhole\"\n\t\t\t\tstyle=\"display: none;\"\t\t\t>\n\t\t\t\t<div class=\"sow-accordion-panel-border\">\n\t\t\t\t\t<p>Je nachdem welche Version und zus\u00e4tzliche Ausr\u00fcstung Sie gew\u00e4hlt haben, ben\u00f6tigen Sie unterschiedlich viel Platz. Der Hintergrund hat beispielsweise eine L\u00e4nge von ca. 2,75 m. Die Teile der Fotoboxanlage sind zerlegt und teilweise sperrig. Sie passen allerdings in einen Mittelklassewagen.<\/p>\n<p>Bei einem Kleinwagen k\u00f6nnte es bei einigen Versionen eng werden.<\/p>\n\t\t\t\t<\/div>\n\t\t\t<\/div>\n\t\t<\/div>\n\t\t\t<div class=\"sow-accordion-panel\n\t\t\t\t\t\"\n\t\t\t\tdata-anchor-id=\"ist-die-fotobox-leicht-aufzubauen\">\n\t\t\t\t\t<div class=\"sow-accordion-panel-header-container\" role=\"heading\" aria-level=\"2\">\n\t\t\t\t\t<div class=\"sow-accordion-panel-header\" tabindex=\"0\" role=\"button\" id=\"accordion-label-ist-die-fotobox-leicht-aufzubauen\" aria-controls=\"accordion-content-ist-die-fotobox-leicht-aufzubauen\" aria-expanded=\"false\">\n\t\t\t\t\t\t<div class=\"sow-accordion-title sow-accordion-title-icon-left\">\n\t\t\t\t\t\t\t\t\t\t\t\t\t\tIst die Fotobox leicht aufzubauen?\t\t\t\t\t\t\t\t\t\t\t\t\t<\/div>\n\t\t\t\t\t\t<div class=\"sow-accordion-open-close-button\">\n\t\t\t\t\t\t\t<div class=\"sow-accordion-open-button\">\n\t\t\t\t\t\t\t\t<span class=\"sow-icon-ionicons\" data-sow-icon=\"&#xf218;\"\n\t\t \n\t\taria-hidden=\"true\"><\/span>\t\t\t\t\t\t\t<\/div>\n\t\t\t\t\t\t\t<div class=\"sow-accordion-close-button\">\n\t\t\t\t\t\t\t\t<span class=\"sow-icon-ionicons\" data-sow-icon=\"&#xf209;\"\n\t\t \n\t\taria-hidden=\"true\"><\/span>\t\t\t\t\t\t\t<\/div>\n\t\t\t\t\t\t<\/div>\n\t\t\t\t\t<\/div>\n\t\t\t\t<\/div>\n\n\t\t\t<div\n\t\t\t\tclass=\"sow-accordion-panel-content\"\n\t\t\t\trole=\"region\"\n\t\t\t\taria-labelledby=\"accordion-label-ist-die-fotobox-leicht-aufzubauen\"\n\t\t\t\tid=\"accordion-content-ist-die-fotobox-leicht-aufzubauen\"\n\t\t\t\tstyle=\"display: none;\"\t\t\t>\n\t\t\t\t<div class=\"sow-accordion-panel-border\">\n\t\t\t\t\t<p>Sie bekommen von mir eine hochwertige Fotobox. Wenn Sie diese bei mir abholen bekommen Sie eine ausf\u00fchrliche Einweisung in die Funktionsweise sowie den Auf- und Abbau. Es ist daher auch unge\u00fcbten Personen m\u00f6glich, meine Fotobox aufzubauen und zu betreiben.<\/p>\n\t\t\t\t<\/div>\n\t\t\t<\/div>\n\t\t<\/div>\n\t\t\t<div class=\"sow-accordion-panel\n\t\t\t\t\t\"\n\t\t\t\tdata-anchor-id=\"kann-ich-die-fotos-selber-von-der-fotobox-laden\">\n\t\t\t\t\t<div class=\"sow-accordion-panel-header-container\" role=\"heading\" aria-level=\"2\">\n\t\t\t\t\t<div class=\"sow-accordion-panel-header\" tabindex=\"0\" role=\"button\" id=\"accordion-label-kann-ich-die-fotos-selber-von-der-fotobox-laden\" aria-controls=\"accordion-content-kann-ich-die-fotos-selber-von-der-fotobox-laden\" aria-expanded=\"false\">\n\t\t\t\t\t\t<div class=\"sow-accordion-title sow-accordion-title-icon-left\">\n\t\t\t\t\t\t\t\t\t\t\t\t\t\tKann ich die Fotos selber von der Fotobox laden?\t\t\t\t\t\t\t\t\t\t\t\t\t<\/div>\n\t\t\t\t\t\t<div class=\"sow-accordion-open-close-button\">\n\t\t\t\t\t\t\t<div class=\"sow-accordion-open-button\">\n\t\t\t\t\t\t\t\t<span class=\"sow-icon-ionicons\" data-sow-icon=\"&#xf218;\"\n\t\t \n\t\taria-hidden=\"true\"><\/span>\t\t\t\t\t\t\t<\/div>\n\t\t\t\t\t\t\t<div class=\"sow-accordion-close-button\">\n\t\t\t\t\t\t\t\t<span class=\"sow-icon-ionicons\" data-sow-icon=\"&#xf209;\"\n\t\t \n\t\taria-hidden=\"true\"><\/span>\t\t\t\t\t\t\t<\/div>\n\t\t\t\t\t\t<\/div>\n\t\t\t\t\t<\/div>\n\t\t\t\t<\/div>\n\n\t\t\t<div\n\t\t\t\tclass=\"sow-accordion-panel-content\"\n\t\t\t\trole=\"region\"\n\t\t\t\taria-labelledby=\"accordion-label-kann-ich-die-fotos-selber-von-der-fotobox-laden\"\n\t\t\t\tid=\"accordion-content-kann-ich-die-fotos-selber-von-der-fotobox-laden\"\n\t\t\t\tstyle=\"display: none;\"\t\t\t>\n\t\t\t\t<div class=\"sow-accordion-panel-border\">\n\t\t\t\t\t<p><strong>Es ist nicht vorgesehen und auch nicht erw\u00fcnscht die Fotos von der Fotobox zu extrahieren. Dies hat rechtliche Gr\u00fcnde!<\/strong><\/p>\n<p>Bei der R\u00fcckgabe der Fotobox kopiere ich die freigegebenen Fotos auf Ihren Stick. Eine Ausnahme bilden die Versionen &#8222;small Budget&#8220; und &#8222;gro\u00df&#8220;. Bei diesen werden die Fotos gleich auf Ihrem Stick gespeichert.<\/p>\n<p>Die Versionen &#8222;normal 2&#8220; und &#8222;gro\u00df&#8220; haben die M\u00f6glichkeit, die Fotos per QR-Code von der Fotobox auf ein Endger\u00e4t zu \u00fcbertragen. Diese M\u00f6glichkeit zu nutzen ist gestattet.<\/p>\n\t\t\t\t<\/div>\n\t\t\t<\/div>\n\t\t<\/div>\n\t\t<\/div>\n<\/div>\n<\/div>","protected":false},"excerpt":{"rendered":"<p>FAQ &#8211; H\u00e4ufig gestellte Fragen<\/p>\n","protected":false},"author":1,"featured_media":0,"parent":0,"menu_order":0,"comment_status":"closed","ping_status":"closed","template":"","meta":{"ocean_post_layout":"","ocean_both_sidebars_style":"","ocean_both_sidebars_content_width":0,"ocean_both_sidebars_sidebars_width":0,"ocean_sidebar":"0","ocean_second_sidebar":"0","ocean_disable_margins":"enable","ocean_add_body_class":"","ocean_shortcode_before_top_bar":"","ocean_shortcode_after_top_bar":"","ocean_shortcode_before_header":"","ocean_shortcode_after_header":"","ocean_has_shortcode":"","ocean_shortcode_after_title":"","ocean_shortcode_before_footer_widgets":"","ocean_shortcode_after_footer_widgets":"","ocean_shortcode_before_footer_bottom":"","ocean_shortcode_after_footer_bottom":"","ocean_display_top_bar":"default","ocean_display_header":"default","ocean_header_style":"","ocean_center_header_left_menu":"0","ocean_custom_header_template":"0","ocean_custom_logo":0,"ocean_custom_retina_logo":0,"ocean_custom_logo_max_width":0,"ocean_custom_logo_tablet_max_width":0,"ocean_custom_logo_mobile_max_width":0,"ocean_custom_logo_max_height":0,"ocean_custom_logo_tablet_max_height":0,"ocean_custom_logo_mobile_max_height":0,"ocean_header_custom_menu":"0","ocean_menu_typo_font_family":"0","ocean_menu_typo_font_subset":"","ocean_menu_typo_font_size":0,"ocean_menu_typo_font_size_tablet":0,"ocean_menu_typo_font_size_mobile":0,"ocean_menu_typo_font_size_unit":"px","ocean_menu_typo_font_weight":"","ocean_menu_typo_font_weight_tablet":"","ocean_menu_typo_font_weight_mobile":"","ocean_menu_typo_transform":"","ocean_menu_typo_transform_tablet":"","ocean_menu_typo_transform_mobile":"","ocean_menu_typo_line_height":0,"ocean_menu_typo_line_height_tablet":0,"ocean_menu_typo_line_height_mobile":0,"ocean_menu_typo_line_height_unit":"","ocean_menu_typo_spacing":0,"ocean_menu_typo_spacing_tablet":0,"ocean_menu_typo_spacing_mobile":0,"ocean_menu_typo_spacing_unit":"","ocean_menu_link_color":"","ocean_menu_link_color_hover":"","ocean_menu_link_color_active":"","ocean_menu_link_background":"","ocean_menu_link_hover_background":"","ocean_menu_link_active_background":"","ocean_menu_social_links_bg":"","ocean_menu_social_hover_links_bg":"","ocean_menu_social_links_color":"","ocean_menu_social_hover_links_color":"","ocean_disable_title":"default","ocean_disable_heading":"default","ocean_post_title":"","ocean_post_subheading":"","ocean_post_title_style":"","ocean_post_title_background_color":"","ocean_post_title_background":0,"ocean_post_title_bg_image_position":"","ocean_post_title_bg_image_attachment":"","ocean_post_title_bg_image_repeat":"","ocean_post_title_bg_image_size":"","ocean_post_title_height":0,"ocean_post_title_bg_overlay":0.5,"ocean_post_title_bg_overlay_color":"","ocean_disable_breadcrumbs":"default","ocean_breadcrumbs_color":"","ocean_breadcrumbs_separator_color":"","ocean_breadcrumbs_links_color":"","ocean_breadcrumbs_links_hover_color":"","ocean_display_footer_widgets":"default","ocean_display_footer_bottom":"default","ocean_custom_footer_template":"0","footnotes":""},"class_list":["post-715","page","type-page","status-publish","hentry","entry"],"_links":{"self":[{"href":"https:\/\/frerichs-fotoart.de\/index.php\/wp-json\/wp\/v2\/pages\/715","targetHints":{"allow":["GET"]}}],"collection":[{"href":"https:\/\/frerichs-fotoart.de\/index.php\/wp-json\/wp\/v2\/pages"}],"about":[{"href":"https:\/\/frerichs-fotoart.de\/index.php\/wp-json\/wp\/v2\/types\/page"}],"author":[{"embeddable":true,"href":"https:\/\/frerichs-fotoart.de\/index.php\/wp-json\/wp\/v2\/users\/1"}],"replies":[{"embeddable":true,"href":"https:\/\/frerichs-fotoart.de\/index.php\/wp-json\/wp\/v2\/comments?post=715"}],"version-history":[{"count":13,"href":"https:\/\/frerichs-fotoart.de\/index.php\/wp-json\/wp\/v2\/pages\/715\/revisions"}],"predecessor-version":[{"id":756,"href":"https:\/\/frerichs-fotoart.de\/index.php\/wp-json\/wp\/v2\/pages\/715\/revisions\/756"}],"wp:attachment":[{"href":"https:\/\/frerichs-fotoart.de\/index.php\/wp-json\/wp\/v2\/media?parent=715"}],"curies":[{"name":"wp","href":"https:\/\/api.w.org\/{rel}","templated":true}]}}