{"id":60,"date":"2019-11-21T16:51:21","date_gmt":"2019-11-21T16:51:21","guid":{"rendered":"https:\/\/frerichs-fotoart.de\/?page_id=60"},"modified":"2020-04-13T11:11:50","modified_gmt":"2020-04-13T11:11:50","slug":"datenschutz","status":"publish","type":"page","link":"https:\/\/frerichs-fotoart.de\/index.php\/datenschutz\/","title":{"rendered":"Datenschutz"},"content":{"rendered":"\n<p>\n\t\t<strong>Datenschutzerkl\u00e4rung<\/strong>\n\t\t<br>\n\t\tDiese Datenschutzerkl\u00e4rung kl\u00e4rt Sie \u00fcber die Art, den Umfang und \nZweck der Verarbeitung von personenbezogenen Daten (nachfolgend kurz \n\u201eDaten\u201c) innerhalb unseres Onlineangebotes \n\t\tund der mit ihm verbundenen Webseiten, Funktionen und Inhalte sowie \nexternen Onlinepr\u00e4senzen, wie z.B. unser Social Media Profile auf. \n(nachfolgend gemeinsam bezeichnet als \n\t\t\u201eOnlineangebot\u201c). Im Hinblick auf die verwendeten Begrifflichkeiten, \nwie z.B. \u201eVerarbeitung\u201c oder \u201eVerantwortlicher\u201c verweisen wir auf die \nDefinitionen im Art. 4 der \n\t\tDatenschutzgrundverordnung (DSGVO).\n\t\t<\/p>\n\n\n\n<p>\n\t\t<strong>Arten der verarbeiteten Daten:<\/strong>\n\t\t<br>\n\t\t&#8211;\tBestandsdaten (z.B., Namen, Adressen).<br>\n\t\t&#8211;\tKontaktdaten (z.B., E-Mail, Telefonnummern).<br>\n\t\t&#8211;\tInhaltsdaten (z.B., Texteingaben, Fotografien, Videos).<br>\n\t\t&#8211;\tNutzungsdaten (z.B., besuchte Webseiten, Interesse an Inhalten, Zugriffszeiten).<br>\n\t\t&#8211;\tMeta-\/Kommunikationsdaten (z.B., Ger\u00e4te-Informationen, IP-Adressen).<br>\n\t\t<\/p>\n\n\n\n<p>\n\t\t<strong>Kategorien betroffener Personen<\/strong>\n\t\t<br>\n\t\tBesucher und Nutzer des Onlineangebotes (Nachfolgend bezeichnen wir \ndie betroffenen Personen zusammenfassend auch als \u201eNutzer\u201c).<br>\n\t\t<\/p>\n\n\n\n<p>\n\t\t<strong>Zweck der Verarbeitung<\/strong>\n\t\t<br>\t\t\n\t\t&#8211;\tZurverf\u00fcgungstellung des Onlineangebotes, seiner Funktionen und  Inhalte.<br>\n\t\t&#8211;\tBeantwortung von Kontaktanfragen und Kommunikation mit Nutzern.<br>\n\t\t&#8211;\tSicherheitsma\u00dfnahmen.<br>\n\t\t&#8211;\tReichweitenmessung\/Marketing<br>\n\t\t<\/p>\n\n\n\n<p>\n\t\t<strong>Verwendete Begrifflichkeiten <\/strong>\n\t\t<br>\t\t\n\t\t\u201ePersonenbezogene Daten\u201c sind alle Informationen, die sich auf eine \nidentifizierte oder identifizierbare nat\u00fcrliche Person (im Folgenden \n\u201ebetroffene Person\u201c) beziehen; als \n\t\tidentifizierbar wird eine nat\u00fcrliche Person angesehen, die direkt oder\n indirekt, insbesondere mittels Zuordnung zu einer Kennung wie einem \nNamen, zu einer Kennnummer, zu \n\t\tStandortdaten, zu einer Online-Kennung (z.B. Cookie) oder zu einem \noder mehreren besonderen Merkmalen identifiziert werden kann, die \nAusdruck der physischen, physiologischen, \n\t\tgenetischen, psychischen, wirtschaftlichen, kulturellen oder sozialen \nIdentit\u00e4t dieser nat\u00fcrlichen Person sind.<br>\n\t\t<br>\n\t\t\u201eVerarbeitung\u201c ist jeder mit oder ohne Hilfe automatisierter Verfahren\n ausgef\u00fchrten Vorgang oder jede solche Vorgangsreihe im Zusammenhang mit\n personenbezogenen Daten. Der Begriff \n\t\treicht weit und umfasst praktisch jeden Umgang mit Daten.<br>\n\t\t<br>\n\t\tAls \u201eVerantwortlicher\u201c wird die nat\u00fcrliche oder juristische Person, \nBeh\u00f6rde, Einrichtung oder andere Stelle, die allein oder gemeinsam mit \nanderen \u00fcber die Zwecke und Mittel der \n\t\tVerarbeitung von personenbezogenen Daten entscheidet, bezeichnet.\n\t\t<\/p>\n\n\n\n<p>\n\t\t<strong>Ma\u00dfgebliche Rechtsgrundlagen<\/strong>\n\t\t<br>\n\t\tNach Ma\u00dfgabe des Art. 13 DSGVO teilen wir Ihnen die Rechtsgrundlagen \nunserer Datenverarbeitungen mit. Sofern die Rechtsgrundlage in der \nDatenschutzerkl\u00e4rung nicht genannt wird, \n\t\tgilt Folgendes: Die Rechtsgrundlage f\u00fcr die Einholung von \nEinwilligungen ist Art. 6 Abs. 1 lit. a und Art. 7 DSGVO, die \nRechtsgrundlage f\u00fcr die Verarbeitung zur Erf\u00fcllung \n\t\tunserer Leistungen und Durchf\u00fchrung vertraglicher Ma\u00dfnahmen sowie \nBeantwortung von Anfragen ist Art. 6 Abs. 1 lit. b DSGVO, die \nRechtsgrundlage f\u00fcr die Verarbeitung zur Erf\u00fcllung \n\t\tunserer rechtlichen Verpflichtungen ist Art. 6 Abs. 1 lit. c DSGVO, \nund die Rechtsgrundlage f\u00fcr die Verarbeitung zur Wahrung unserer \nberechtigten Interessen ist \n\t\tArt. 6 Abs. 1 lit. f DSGVO. F\u00fcr den Fall, dass lebenswichtige \nInteressen der betroffenen Person oder einer anderen nat\u00fcrlichen Person \neine Verarbeitung personenbezogener Daten \n\t\terforderlich machen, dient Art. 6 Abs. 1 lit. d DSGVO als \nRechtsgrundlage.\n\t\t<\/p>\n\n\n\n<p>\n\t\t<strong>Zusammenarbeit mit Auftragsverarbeitern und Dritten<\/strong>\n\t\t<br>\n\t\tSofern wir im Rahmen unserer Verarbeitung Daten gegen\u00fcber anderen \nPersonen und Unternehmen (Auftragsverarbeitern oder Dritten) offenbaren,\n sie an diese \u00fcbermitteln oder ihnen sonst \n\t\tZugriff auf die Daten gew\u00e4hren, erfolgt dies nur auf Grundlage einer \ngesetzlichen Erlaubnis (z.B. wenn eine \u00dcbermittlung der Daten an Dritte,\n wie an Zahlungsdienstleister, gem. \n\t\tArt. 6 Abs. 1 lit. b DSGVO zur Vertragserf\u00fcllung erforderlich ist), \nSie eingewilligt haben, eine rechtliche Verpflichtung dies vorsieht oder\n auf Grundlage unserer berechtigten \n\t\tInteressen (z.B. beim Einsatz von Beauftragten, Webhostern, etc.).<br>\n\t\t<br>\n\t\tSofern wir Dritte mit der Verarbeitung von Daten auf Grundlage eines \nsog. \u201eAuftragsverarbeitungsvertrages\u201c beauftragen, geschieht dies auf \nGrundlage des Art. 28 DSGVO.\n\t\t<\/p>\n\n\n\n<p>\n\t\t<strong>\u00dcbermittlungen in Drittl\u00e4nder<\/strong>\n\t\t<br>\n\t\tSofern wir Daten in einem Drittland (d.h. au\u00dferhalb der Europ\u00e4ischen \nUnion (EU) oder des Europ\u00e4ischen Wirtschaftsraums (EWR)) verarbeiten \noder dies im Rahmen der Inanspruchnahme von \n\t\tDiensten Dritter oder Offenlegung, bzw. \u00dcbermittlung von Daten an \nDritte geschieht, erfolgt dies nur, wenn es zur Erf\u00fcllung unserer \n(vor)vertraglichen Pflichten, auf Grundlage Ihrer \n\t\tEinwilligung, aufgrund einer rechtlichen Verpflichtung oder auf \nGrundlage unserer berechtigten Interessen geschieht. Vorbehaltlich \ngesetzlicher oder vertraglicher Erlaubnisse, \n\t\tverarbeiten oder lassen wir die Daten in einem Drittland nur beim \nVorliegen der besonderen Voraussetzungen der Art. 44 ff. DSGVO \nverarbeiten. D.h. die Verarbeitung erfolgt z.B. auf \n\t\tGrundlage besonderer Garantien, wie der offiziell anerkannten \nFeststellung eines der EU entsprechenden Datenschutzniveaus (z.B. f\u00fcr \ndie USA durch das \u201ePrivacy Shield\u201c) oder Beachtung \n\t\toffiziell anerkannter spezieller vertraglicher Verpflichtungen (so \ngenannte \u201eStandardvertragsklauseln\u201c).\n\t\t<\/p>\n\n\n\n<p>\n\t\t<strong>Rechte der betroffenen Personen<\/strong>\n\t\t<br>\n\t\tSie haben das Recht, eine Best\u00e4tigung dar\u00fcber zu verlangen, ob \nbetreffende Daten verarbeitet werden und auf Auskunft \u00fcber diese Daten \nsowie auf weitere Informationen und Kopie der \n\t\tDaten entsprechend Art. 15 DSGVO.<br>\n\t\t<br>\n\t\tSie haben entsprechend. Art. 16 DSGVO das Recht, die Vervollst\u00e4ndigung\n der Sie betreffenden Daten oder die Berichtigung der Sie betreffenden \nunrichtigen Daten zu verlangen.<br>\n\t\t<br>\n\t\tSie haben nach Ma\u00dfgabe des Art. 17 DSGVO das Recht zu verlangen, dass \nbetreffende Daten unverz\u00fcglich gel\u00f6scht werden, bzw. alternativ nach \nMa\u00dfgabe des Art. 18 DSGVO eine Einschr\u00e4nkung \n\t\tder Verarbeitung der Daten zu verlangen.<br>\n\t\t<br>\n\t\tSie haben das Recht zu verlangen, dass die Sie betreffenden Daten, die\n Sie uns bereitgestellt haben nach Ma\u00dfgabe des Art. 20 DSGVO zu erhalten\n und deren \u00dcbermittlung an andere \n\t\tVerantwortliche zu fordern.<br>\n\t\t<br>\n\t\tSie haben ferner gem. Art. 77 DSGVO das Recht, eine Beschwerde bei der zust\u00e4ndigen Aufsichtsbeh\u00f6rde einzureichen.\n\t\t<\/p>\n\n\n\n<p>\n\t\t<strong>Widerrufsrecht<\/strong>\n\t\t<br>\n\t\tSie haben das Recht, erteilte Einwilligungen gem. Art. 7 Abs. 3 DSGVO mit Wirkung f\u00fcr die Zukunft zu widerrufen\n\t\t<\/p>\n\n\n\n<p>\n\t\t<strong>Widerspruchsrecht<\/strong>\n\t\t<br>\n\t\tSie k\u00f6nnen der k\u00fcnftigen Verarbeitung der Sie betreffenden Daten nach \nMa\u00dfgabe des Art. 21 DSGVO jederzeit widersprechen. Der Widerspruch kann \ninsbesondere gegen die Verarbeitung f\u00fcr \n\t\tZwecke der Direktwerbung erfolgen.\n\t\t<\/p>\n\n\n\n<p>\n\t\t<strong>Cookies und Widerspruchsrecht bei Direktwerbung<\/strong>\n\t\t<br>\n\t\tAls \u201eCookies\u201c werden kleine Dateien bezeichnet, die auf Rechnern der \nNutzer gespeichert werden. Innerhalb der Cookies k\u00f6nnen unterschiedliche\n Angaben gespeichert werden. Ein Cookie \n\t\tdient prim\u00e4r dazu, die Angaben zu einem Nutzer (bzw. dem Ger\u00e4t auf dem\n das Cookie gespeichert ist) w\u00e4hrend oder auch nach seinem Besuch \ninnerhalb eines Onlineangebotes zu speichern. \n\t\tAls tempor\u00e4re Cookies, bzw. \u201eSession-Cookies\u201c oder \u201etransiente \nCookies\u201c, werden Cookies bezeichnet, die gel\u00f6scht werden, nachdem ein \nNutzer ein Onlineangebot verl\u00e4sst und seinen \n\t\tBrowser schlie\u00dft. In einem solchen Cookie kann z.B. der Inhalt eines \nWarenkorbs in einem Onlineshop oder ein Login-Staus gespeichert werden. \nAls \u201epermanent\u201c oder \u201epersistent\u201c werden \n\t\tCookies bezeichnet, die auch nach dem Schlie\u00dfen des Browsers \ngespeichert bleiben. So kann z.B. der Login-Status gespeichert werden, \nwenn die Nutzer diese nach mehreren Tagen \n\t\taufsuchen. Ebenso k\u00f6nnen in einem solchen Cookie die Interessen der \nNutzer gespeichert werden, die f\u00fcr Reichweitenmessung oder \nMarketingzwecke verwendet werden. Als \n\t\t\u201eThird-Party-Cookie\u201c werden Cookies von anderen Anbietern als dem \nVerantwortlichen, der das Onlineangebot betreibt, angeboten werden \n(andernfalls, wenn es nur dessen Cookies sind \n\t\tspricht man von \u201eFirst-Party Cookies\u201c).<br>\n\t\t<br>\n\t\tWir k\u00f6nnen tempor\u00e4re und permanente Cookies einsetzen und kl\u00e4ren hier\u00fcber im Rahmen unserer Datenschutzerkl\u00e4rung auf.<br>\n\t\t<br>\n\t\tFalls die Nutzer nicht m\u00f6chten, dass Cookies auf ihrem Rechner \ngespeichert werden, werden sie gebeten die entsprechende Option in den \nSystemeinstellungen ihres Browsers zu \n\t\tdeaktivieren. Gespeicherte Cookies k\u00f6nnen in den Systemeinstellungen \ndes Browsers gel\u00f6scht werden. Der Ausschluss von Cookies kann zu \nFunktionseinschr\u00e4nkungen dieses Onlineangebotes \n\t\tf\u00fchren.<br>\n\t\t<br>\n\t\tEin genereller Widerspruch gegen den Einsatz der zu Zwecken des \nOnlinemarketing eingesetzten Cookies kann bei einer Vielzahl der \nDienste, vor allem im Fall des Trackings, \u00fcber die \n\t\tUS-amerikanische Seite <a href=\"http:\/\/www.aboutads.info\/choices\/\">http:\/\/www.aboutads.info\/choices\/<\/a> oder die EU-Seite \n\t\t<a href=\"http:\/\/www.youronlinechoices.com\/\">http:\/\/www.youronlinechoices.com\/<\/a>\n erkl\u00e4rt werden. Des Weiteren kann die Speicherung von Cookies mittels \nderen Abschaltung in den \n\t\tEinstellungen des Browsers erreicht werden. Bitte beachten Sie, dass \ndann gegebenenfalls nicht alle Funktionen dieses Onlineangebotes genutzt\n werden k\u00f6nnen.\n\t\t<\/p>\n\n\n\n<p>\n\t\t<strong>L\u00f6schung von Daten<\/strong>\n\t\t<br>\n\t\tDie von uns verarbeiteten Daten werden nach Ma\u00dfgabe der Art. 17 und 18\n DSGVO gel\u00f6scht oder in ihrer Verarbeitung eingeschr\u00e4nkt. Sofern nicht \nim Rahmen dieser Datenschutzerkl\u00e4rung \n\t\tausdr\u00fccklich angegeben, werden die bei uns gespeicherten Daten \ngel\u00f6scht, sobald sie f\u00fcr ihre Zweckbestimmung nicht mehr erforderlich \nsind und der L\u00f6schung keine gesetzlichen \n\t\tAufbewahrungspflichten entgegenstehen. Sofern die Daten nicht gel\u00f6scht\n werden, weil sie f\u00fcr andere und gesetzlich zul\u00e4ssige Zwecke \nerforderlich sind, wird deren Verarbeitung \n\t\teingeschr\u00e4nkt. D.h. die Daten werden gesperrt und nicht f\u00fcr andere \nZwecke verarbeitet. Das gilt z.B. f\u00fcr Daten, die aus handels- oder \nsteuerrechtlichen Gr\u00fcnden aufbewahrt werden \n\t\tm\u00fcssen.<br>\n\t\t<br>\n\t\tNach gesetzlichen Vorgaben in Deutschland erfolgt die Aufbewahrung \ninsbesondere f\u00fcr 6 Jahre gem\u00e4\u00df \u00a7 257 Abs. 1 HGB (Handelsb\u00fccher, \nInventare, Er\u00f6ffnungsbilanzen, Jahresabschl\u00fcsse, \n\t\tHandelsbriefe, Buchungsbelege, etc.) sowie f\u00fcr 10 Jahre gem\u00e4\u00df \u00a7 147 \nAbs. 1 AO (B\u00fccher, Aufzeichnungen, Lageberichte, Buchungsbelege, \nHandels- und Gesch\u00e4ftsbriefe, F\u00fcr Besteuerung \n\t\trelevante Unterlagen, etc.).\n\t\t<\/p>\n\n\n\n<p>\n\t\t<strong>Hosting<\/strong>\n\t\t<br>\n\t\tDie von uns in Anspruch genommenen Hosting-Leistungen dienen der \nZurverf\u00fcgungstellung der folgenden Leistungen: Infrastruktur- und \nPlattformdienstleistungen, Rechenkapazit\u00e4t, \n\t\tSpeicherplatz und Datenbankdienste, Sicherheitsleistungen sowie \ntechnische Wartungsleistungen, die wir zum Zwecke des Betriebs dieses \nOnlineangebotes einsetzen.<br>\n\t\t<br>\n\t\tHierbei verarbeiten wir, bzw. unser Hostinganbieter Bestandsdaten, \nKontaktdaten, Inhaltsdaten, Vertragsdaten, Nutzungsdaten, Meta- und \nKommunikationsdaten von Kunden, Interessenten \n\t\tund Besuchern dieses Onlineangebotes auf Grundlage unserer \nberechtigten Interessen an einer effizienten und sicheren \nZurverf\u00fcgungstellung dieses Onlineangebotes \n\t\tgem. Art. 6 Abs. 1 lit. f DSGVO i.V.m. Art. 28 DSGVO (Abschluss \nAuftragsverarbeitungsvertrag).\n\t\t<\/p>\n\n\n\n<p>\n\t\t<strong>Erhebung von Zugriffsdaten und Logfiles<\/strong>\n\t\t<br>\n\t\tWir, bzw. unser Hostinganbieter, erhebt auf Grundlage unserer \nberechtigten Interessen im Sinne des Art. 6 Abs. 1 lit. f. DSGVO Daten \n\u00fcber jeden Zugriff auf den Server, auf dem sich \n\t\tdieser Dienst befindet (sogenannte Serverlogfiles). Zu den \nZugriffsdaten geh\u00f6ren Name der abgerufenen Webseite, Datei, Datum und \nUhrzeit des Abrufs, \u00fcbertragene Datenmenge, Meldung \n\t\t\u00fcber erfolgreichen Abruf, Browsertyp nebst Version, das Betriebssystem\n des Nutzers, Referrer URL (die zuvor besuchte Seite), IP-Adresse und \nder anfragende Provider.<br>\n\t\t<br>\n\t\tLogfile-Informationen werden aus Sicherheitsgr\u00fcnden (z.B. zur \nAufkl\u00e4rung von Missbrauchs- oder Betrugshandlungen) f\u00fcr die Dauer von \nmaximal 7 Tagen gespeichert und danach gel\u00f6scht. \n\t\tDaten, deren weitere Aufbewahrung zu Beweiszwecken erforderlich ist, \nsind bis zur endg\u00fcltigen Kl\u00e4rung des jeweiligen Vorfalls von der \nL\u00f6schung ausgenommen.\n\t\t<\/p>\n\n\n\n<p>\n\t\t<strong>Kontaktaufnahme<\/strong>\n\t\t<br>\n\t\tBei der Kontaktaufnahme mit uns (z.B. per Kontaktformular, E-Mail, \nTelefon oder via sozialer Medien) werden die Angaben des Nutzers zur \nBearbeitung der Kontaktanfrage und deren \n\t\tAbwicklung gem. Art. 6 Abs. 1 lit. b) DSGVO verarbeitet. Die Angaben \nder Nutzer k\u00f6nnen in einem Customer-Relationship-Management System (&#8222;CRM\n System&#8220;) oder vergleichbarer \n\t\tAnfragenorganisation gespeichert werden.<br>\n\t\t<br>\n\t\tWir l\u00f6schen die Anfragen, sofern diese nicht mehr erforderlich sind. \nWir \u00fcberpr\u00fcfen die Erforderlichkeit alle zwei Jahre; Ferner gelten die \ngesetzlichen Archivierungspflichten.\n\t\t<\/p>\n\n\n\n<p>\n\t\t<strong>Onlinepr\u00e4senzen in sozialen Medien<\/strong>\n\t\t<br>\n\t\tWir unterhalten Onlinepr\u00e4senzen innerhalb sozialer Netzwerke und \nPlattformen, um mit den dort aktiven Kunden, Interessenten und Nutzern \nkommunizieren und sie dort \u00fcber unsere \n\t\tLeistungen informieren zu k\u00f6nnen. Beim Aufruf der jeweiligen Netzwerke\n und Plattformen gelten die Gesch\u00e4ftsbedingungen und die \nDatenverarbeitungsrichtlinien deren jeweiligen \n\t\tBetreiber.<br>\n\t\t<br>\n\t\tSoweit nicht anders im Rahmen unserer Datenschutzerkl\u00e4rung angegeben, \nverarbeiten wird die Daten der Nutzer sofern diese mit uns innerhalb der\n sozialen Netzwerke und Plattformen \n\t\tkommunizieren, z.B. Beitr\u00e4ge auf unseren Onlinepr\u00e4senzen verfassen \noder uns Nachrichten zusenden.\n\t\t<\/p>\n\n\n\n<p>\n\t\t<strong>Google ReCaptcha<\/strong>\n\t\t<br>\n\t\tWir binden die Funktion zur Erkennung von Bots, z.B. bei Eingaben in Onlineformularen (&#8222;ReCaptcha&#8220;) des Anbieters \n\t\tGoogle LLC, 1600 Amphitheatre Parkway, Mountain View, CA 94043, USA, ein. \n\t\tDatenschutzerkl\u00e4rung: <a href=\"https:\/\/www.google.com\/policies\/privacy\/\">https:\/\/www.google.com\/policies\/privacy\/<\/a>, \n\t\tOpt-Out: <a href=\"https:\/\/adssettings.google.com\/authenticated\">https:\/\/adssettings.google.com\/authenticated<\/a>.\n\t\t\n\t\tVom Websiteinhaber angepasst.<br>\n\t\t\n\t\t(Quelle: <a href=\"https:\/\/datenschutz-generator.de\">Erstellt mit Datenschutz-Generator.de von RA Dr. Thomas Schwenke<\/a>)<br>\n\t\t(Quelle: <a target=\"_blank\" href=\"http:\/\/www.e-recht24.de\/\" rel=\"noreferrer noopener\">eRecht24.de &#8211; Internetrecht von Rechtsanwalt S\u00f6ren Siebert<\/a>)\n\t\t<\/p>\n","protected":false},"excerpt":{"rendered":"<p>Datenschutzerkl\u00e4rung Diese Datenschutzerkl\u00e4rung kl\u00e4rt Sie \u00fcber die Art, den Umfang und Zweck der Verarbeitung von personenbezogenen Daten (nachfolgend kurz \u201eDaten\u201c) innerhalb unseres Onlineangebotes und der mit ihm verbundenen Webseiten, Funktionen und Inhalte sowie externen Onlinepr\u00e4senzen, wie z.B. unser Social Media Profile auf. (nachfolgend gemeinsam bezeichnet als \u201eOnlineangebot\u201c). Im Hinblick auf die verwendeten Begrifflichkeiten, wie z.B. [&hellip;]<\/p>\n","protected":false},"author":1,"featured_media":0,"parent":0,"menu_order":50,"comment_status":"closed","ping_status":"closed","template":"","meta":{"ocean_post_layout":"","ocean_both_sidebars_style":"","ocean_both_sidebars_content_width":0,"ocean_both_sidebars_sidebars_width":0,"ocean_sidebar":"","ocean_second_sidebar":"","ocean_disable_margins":"enable","ocean_add_body_class":"","ocean_shortcode_before_top_bar":"","ocean_shortcode_after_top_bar":"","ocean_shortcode_before_header":"","ocean_shortcode_after_header":"","ocean_has_shortcode":"","ocean_shortcode_after_title":"","ocean_shortcode_before_footer_widgets":"","ocean_shortcode_after_footer_widgets":"","ocean_shortcode_before_footer_bottom":"","ocean_shortcode_after_footer_bottom":"","ocean_display_top_bar":"default","ocean_display_header":"default","ocean_header_style":"","ocean_center_header_left_menu":"","ocean_custom_header_template":"","ocean_custom_logo":0,"ocean_custom_retina_logo":0,"ocean_custom_logo_max_width":0,"ocean_custom_logo_tablet_max_width":0,"ocean_custom_logo_mobile_max_width":0,"ocean_custom_logo_max_height":0,"ocean_custom_logo_tablet_max_height":0,"ocean_custom_logo_mobile_max_height":0,"ocean_header_custom_menu":"","ocean_menu_typo_font_family":"","ocean_menu_typo_font_subset":"","ocean_menu_typo_font_size":0,"ocean_menu_typo_font_size_tablet":0,"ocean_menu_typo_font_size_mobile":0,"ocean_menu_typo_font_size_unit":"px","ocean_menu_typo_font_weight":"","ocean_menu_typo_font_weight_tablet":"","ocean_menu_typo_font_weight_mobile":"","ocean_menu_typo_transform":"","ocean_menu_typo_transform_tablet":"","ocean_menu_typo_transform_mobile":"","ocean_menu_typo_line_height":0,"ocean_menu_typo_line_height_tablet":0,"ocean_menu_typo_line_height_mobile":0,"ocean_menu_typo_line_height_unit":"","ocean_menu_typo_spacing":0,"ocean_menu_typo_spacing_tablet":0,"ocean_menu_typo_spacing_mobile":0,"ocean_menu_typo_spacing_unit":"","ocean_menu_link_color":"","ocean_menu_link_color_hover":"","ocean_menu_link_color_active":"","ocean_menu_link_background":"","ocean_menu_link_hover_background":"","ocean_menu_link_active_background":"","ocean_menu_social_links_bg":"","ocean_menu_social_hover_links_bg":"","ocean_menu_social_links_color":"","ocean_menu_social_hover_links_color":"","ocean_disable_title":"default","ocean_disable_heading":"default","ocean_post_title":"","ocean_post_subheading":"","ocean_post_title_style":"","ocean_post_title_background_color":"","ocean_post_title_background":0,"ocean_post_title_bg_image_position":"","ocean_post_title_bg_image_attachment":"","ocean_post_title_bg_image_repeat":"","ocean_post_title_bg_image_size":"","ocean_post_title_height":0,"ocean_post_title_bg_overlay":0.5,"ocean_post_title_bg_overlay_color":"","ocean_disable_breadcrumbs":"default","ocean_breadcrumbs_color":"","ocean_breadcrumbs_separator_color":"","ocean_breadcrumbs_links_color":"","ocean_breadcrumbs_links_hover_color":"","ocean_display_footer_widgets":"default","ocean_display_footer_bottom":"default","ocean_custom_footer_template":"","footnotes":""},"class_list":["post-60","page","type-page","status-publish","hentry","entry"],"_links":{"self":[{"href":"https:\/\/frerichs-fotoart.de\/index.php\/wp-json\/wp\/v2\/pages\/60","targetHints":{"allow":["GET"]}}],"collection":[{"href":"https:\/\/frerichs-fotoart.de\/index.php\/wp-json\/wp\/v2\/pages"}],"about":[{"href":"https:\/\/frerichs-fotoart.de\/index.php\/wp-json\/wp\/v2\/types\/page"}],"author":[{"embeddable":true,"href":"https:\/\/frerichs-fotoart.de\/index.php\/wp-json\/wp\/v2\/users\/1"}],"replies":[{"embeddable":true,"href":"https:\/\/frerichs-fotoart.de\/index.php\/wp-json\/wp\/v2\/comments?post=60"}],"version-history":[{"count":2,"href":"https:\/\/frerichs-fotoart.de\/index.php\/wp-json\/wp\/v2\/pages\/60\/revisions"}],"predecessor-version":[{"id":119,"href":"https:\/\/frerichs-fotoart.de\/index.php\/wp-json\/wp\/v2\/pages\/60\/revisions\/119"}],"wp:attachment":[{"href":"https:\/\/frerichs-fotoart.de\/index.php\/wp-json\/wp\/v2\/media?parent=60"}],"curies":[{"name":"wp","href":"https:\/\/api.w.org\/{rel}","templated":true}]}}